{"id":348,"date":"2025-05-06T15:34:08","date_gmt":"2025-05-06T15:34:08","guid":{"rendered":"https:\/\/majlis.com.br\/home\/?page_id=348"},"modified":"2025-05-06T18:07:36","modified_gmt":"2025-05-06T18:07:36","slug":"noticia-1-clone","status":"publish","type":"page","link":"https:\/\/majlis.com.br\/home\/noticia-1-clone\/","title":{"rendered":"Noticia"},"content":{"rendered":"\n\n\n\n\n\n\n\n\n\n\n\n\n<p><br><\/p>\n<p><br><\/p>\n<p><br><\/p>\n<p><br><\/p>\n<p><br><\/p>\n<p><br><\/p>\n\n\n\n\n\n\n\n\n\n\n\n\n\n\n\n\n\n\n\n\n\n\n\n\nCiudad del Este fortalece rela\u00e7\u00f5es internacionais em miss\u00e3o oficial aos Emirados \u00c1rabes Unidos\n<p style=\"text-align: left; font-family: open sans;  font-size: 15px;font-weight:400;color:#8d9297;line-height: 28px;\">A comitiva participou da AIM Conference (Annual Investment Meeting), um dos principais f\u00f3runs globais voltados \u00e0 atra\u00e7\u00e3o de investimentos.<\/p>\n\n\n\n\n\n\n\n<p style=\"font-family: roboto; line-height: 2; font-size: 14px; font-weight: 400; color: rgb(172, 172, 172); text-align: justify;\">Reconhecimento destaca atua\u00e7\u00e3o na Opera\u00e7\u00e3o Ra\u00edzes do Cedro e contribui\u00e7\u00e3o \u00e0 For\u00e7a de Prote\u00e7\u00e3o do Sistema \u00danico de Assist\u00eancia Social (FORSUAS).<\/p>\n\n\n<p style=\"font-family: roboto; line-height: 2; font-size: 14px; font-weight: 400; color: rgb(172, 172, 172); text-align: justify;\">De olho em novos investimentos e inova\u00e7\u00e3o urbana, delega\u00e7\u00e3o paraguaia marca presen\u00e7a estrat\u00e9gica em Curitiba<\/p>\n\n\n<p style=\"font-family: roboto; line-height: 2; font-size: 14px; font-weight: 400; color: rgb(172, 172, 172); text-align: justify;\">A participa\u00e7\u00e3o de Ciudad del Este no evento refor\u00e7a o compromisso da cidade em buscar solu\u00e7\u00f5es inteligentes e sustent\u00e1veis<\/p>\n\n\n\n\n<p style=\"font-family: roboto; line-height: 2; font-size: 14px; font-weight: 400; color: rgb(172, 172, 172); text-align: justify;\">Jihad visitou entidade para conhecer as potencialidades da regi\u00e3o. O projeto facilita consultar dados de consumidores entre 4 pa\u00edses.&nbsp;&nbsp;<\/p>\n\n\n<p style=\"font-family: roboto; line-height: 2; font-size: 14px; font-weight: 400; color: rgb(172, 172, 172); text-align: justify;\">A contribu\u00e7\u00e3o para o desenvolvimento de a\u00e7\u00f5es voltadas \u00e0 atra\u00e7\u00e3o de investidores internacionais e \u00e0 coopera\u00e7\u00e3o conjunta entre os munic\u00edpios, visando o progresso local.<\/p>\n\n\n<p style=\"font-family: roboto; line-height: 2; font-size: 14px; font-weight: 400; color: rgb(172, 172, 172); text-align: justify;\">Atrair investimentos da China e dos pa\u00edses \u00e1rabes, fortalecendo a economia local e preparando a regi\u00e3o para os desafios e oportunidades.<\/p>\n\n\n\n\n","protected":false},"excerpt":{"rendered":"","protected":false},"author":1,"featured_media":0,"parent":0,"menu_order":0,"comment_status":"closed","ping_status":"closed","template":"","meta":{"_siteseo_robots_primary_cat":"","pagelayer_contact_templates":[],"_pagelayer_content":"","footnotes":""},"class_list":["post-348","page","type-page","status-publish","hentry"],"_links":{"self":[{"href":"https:\/\/majlis.com.br\/home\/wp-json\/wp\/v2\/pages\/348","targetHints":{"allow":["GET"]}}],"collection":[{"href":"https:\/\/majlis.com.br\/home\/wp-json\/wp\/v2\/pages"}],"about":[{"href":"https:\/\/majlis.com.br\/home\/wp-json\/wp\/v2\/types\/page"}],"author":[{"embeddable":true,"href":"https:\/\/majlis.com.br\/home\/wp-json\/wp\/v2\/users\/1"}],"replies":[{"embeddable":true,"href":"https:\/\/majlis.com.br\/home\/wp-json\/wp\/v2\/comments?post=348"}],"version-history":[{"count":12,"href":"https:\/\/majlis.com.br\/home\/wp-json\/wp\/v2\/pages\/348\/revisions"}],"predecessor-version":[{"id":410,"href":"https:\/\/majlis.com.br\/home\/wp-json\/wp\/v2\/pages\/348\/revisions\/410"}],"wp:attachment":[{"href":"https:\/\/majlis.com.br\/home\/wp-json\/wp\/v2\/media?parent=348"}],"curies":[{"name":"wp","href":"https:\/\/api.w.org\/{rel}","templated":true}]}}