{"id":360,"date":"2025-05-06T16:39:20","date_gmt":"2025-05-06T16:39:20","guid":{"rendered":"https:\/\/majlis.com.br\/home\/?page_id=360"},"modified":"2025-05-06T16:39:21","modified_gmt":"2025-05-06T16:39:21","slug":"noticia-4-2","status":"publish","type":"page","link":"https:\/\/majlis.com.br\/home\/noticia-4-2\/","title":{"rendered":"Noticia 4"},"content":{"rendered":"\n\n\n<h2><br><\/h2>\n\n\n\n\n\n\n\n\n\n<p><span style=\"font-weight:normal;\" id=\"docs-internal-guid-6df7e1cb-7fff-756a-eb82-6d8688ac98de\"><\/span><\/p><p dir=\"ltr\" style=\"line-height:1.38;text-align: justify;margin-top:0pt;margin-bottom:0pt;\"><span style=\"font-size:13.999999999999998pt;font-family:Arial,sans-serif;color:#000000;background-color:transparent;font-weight:700;font-style:normal;font-variant:normal;text-decoration:none;vertical-align:baseline;white-space:pre;white-space:pre-wrap;\">Jihad Abu Ali \u00e9 homenageado pelo MDS em evento nacional sobre Prote\u00e7\u00e3o Social em Emerg\u00eancias.<\/span><\/p>\n\n\n\n\n\n\n\n\n\n\n\n\n\n\n\n\n\n\n\n\n\n\n\n\n\n\n<p style=\"text-align: right; \"><span style=\"font-size: 20px; color: rgb(255, 255, 255);\"><strong style=\"line-height: 1;\">LOREM CORPORATE CEO<\/strong><\/span><\/p><p style=\"text-align: center;\"><span style=\"color: rgb(255, 255, 255);\">Duis aute irure dolor in reprehenderit in voluptate velit esse cillum dolore eu fugiat nulla pariatur. Excepteur sint occaecat cupidatat non proident, sunt in culpa qui officia deserunt mollit anim id est laborum.<\/span><\/p><p style=\"text-align: left;\"><sign>\u00a0 \u00a0 \u00a0 <span style=\"line-height: 2.0;\">Benn Marshall<\/span><\/sign><\/p>\n\n\n<p><span style=\"background-color: transparent; color: rgb(0, 0, 0); font-family: Arial, sans-serif; font-size: 11pt; white-space-collapse: preserve; text-align: justify;\">Bras\u00edlia\u2013DF \u2013 Nos dias 27 e 28 de mar\u00e7o de 2025, o Minist\u00e9rio do Desenvolvimento e Assist\u00eancia Social, Fam\u00edlia e Combate \u00e0 Fome (MDS) promoveu o primeiro Encontro Nacional \u201cProte\u00e7\u00e3o Social em Emerg\u00eancias: Experi\u00eancias e Desafios da For\u00e7a de Prote\u00e7\u00e3o do SUAS (FORSUAS)\u201d. O evento reuniu representantes de todas as regi\u00f5es do pa\u00eds, para qualificar a atua\u00e7\u00e3o da assist\u00eancia social em contextos de calamidade p\u00fablica e emerg\u00eancias humanit\u00e1rias.<\/span><\/p><p><b style=\"font-weight:normal;\" id=\"docs-internal-guid-1e9c37d9-7fff-0afa-6400-3b204de8e3f9\"><br><\/b><\/p><p dir=\"ltr\" style=\"line-height:1.38;text-align: justify;margin-top:0pt;margin-bottom:0pt;\"><span style=\"font-size:11pt;font-family:Arial,sans-serif;color:#000000;background-color:transparent;font-weight:400;font-style:normal;font-variant:normal;text-decoration:none;vertical-align:baseline;white-space:pre;white-space:pre-wrap;\">Durante a programa\u00e7\u00e3o, Jihad Abu Ali foi homenageado pela Secretaria Nacional de Assist\u00eancia Social (SNAS\/MDS), representada pelo secret\u00e1rio Andr\u00e9 Quintal e pela coordenadora-geral de Prote\u00e7\u00e3o em Situa\u00e7\u00e3o de Calamidade P\u00fablica e Emerg\u00eancias, Cinthia Miranda. O reconhecimento tamb\u00e9m contou com a assinatura do Chefe de Miss\u00e3o da Organiza\u00e7\u00e3o Internacional para as Migra\u00e7\u00f5es (OIM), Paolo Giuseppe Caputo.<\/span><\/p><p><b style=\"font-weight:normal;\"><br><\/b><\/p><p dir=\"ltr\" style=\"line-height:1.38;text-align: justify;margin-top:0pt;margin-bottom:0pt;\"><span style=\"font-size:11pt;font-family:Arial,sans-serif;color:#000000;background-color:transparent;font-weight:400;font-style:normal;font-variant:normal;text-decoration:none;vertical-align:baseline;white-space:pre;white-space:pre-wrap;\">A homenagem destaca sua contribui\u00e7\u00e3o estrat\u00e9gica durante a Opera\u00e7\u00e3o Ra\u00edzes do Cedro, que envolveu a\u00e7\u00f5es intersetoriais de acolhimento e prote\u00e7\u00e3o a imigrantes em situa\u00e7\u00e3o de vulnerabilidade. O trabalho de articula\u00e7\u00e3o entre inst\u00e2ncias locais, nacionais e internacionais foi considerado essencial para o \u00eaxito da opera\u00e7\u00e3o e para o fortalecimento da resposta humanit\u00e1ria no \u00e2mbito do SUAS.<\/span><\/p><p><br><\/p><p dir=\"ltr\" style=\"line-height:1.38;text-align: justify;margin-top:0pt;margin-bottom:0pt;\"><span style=\"font-size:11pt;font-family:Arial,sans-serif;color:#000000;background-color:transparent;font-weight:400;font-style:normal;font-variant:normal;text-decoration:none;vertical-align:baseline;white-space:pre;white-space:pre-wrap;\">O encontro tamb\u00e9m foi marcado pelo lan\u00e7amento de orienta\u00e7\u00f5es t\u00e9cnicas atualizadas e pela troca de experi\u00eancias sobre os desafios enfrentados por gestores e profissionais do SUAS em situa\u00e7\u00f5es emergenciais. A proposta central do evento foi refor\u00e7ar a constru\u00e7\u00e3o de respostas mais r\u00e1pidas, humanizadas e articuladas \u00e0s popula\u00e7\u00f5es impactadas por desastres e crises.&nbsp;<\/span><\/p>\n\n\n\n\n","protected":false},"excerpt":{"rendered":"","protected":false},"author":1,"featured_media":0,"parent":0,"menu_order":0,"comment_status":"closed","ping_status":"closed","template":"","meta":{"_siteseo_robots_primary_cat":"","pagelayer_contact_templates":[],"_pagelayer_content":"","footnotes":""},"class_list":["post-360","page","type-page","status-publish","hentry"],"_links":{"self":[{"href":"https:\/\/majlis.com.br\/home\/wp-json\/wp\/v2\/pages\/360","targetHints":{"allow":["GET"]}}],"collection":[{"href":"https:\/\/majlis.com.br\/home\/wp-json\/wp\/v2\/pages"}],"about":[{"href":"https:\/\/majlis.com.br\/home\/wp-json\/wp\/v2\/types\/page"}],"author":[{"embeddable":true,"href":"https:\/\/majlis.com.br\/home\/wp-json\/wp\/v2\/users\/1"}],"replies":[{"embeddable":true,"href":"https:\/\/majlis.com.br\/home\/wp-json\/wp\/v2\/comments?post=360"}],"version-history":[{"count":2,"href":"https:\/\/majlis.com.br\/home\/wp-json\/wp\/v2\/pages\/360\/revisions"}],"predecessor-version":[{"id":364,"href":"https:\/\/majlis.com.br\/home\/wp-json\/wp\/v2\/pages\/360\/revisions\/364"}],"wp:attachment":[{"href":"https:\/\/majlis.com.br\/home\/wp-json\/wp\/v2\/media?parent=360"}],"curies":[{"name":"wp","href":"https:\/\/api.w.org\/{rel}","templated":true}]}}